{"id":22320,"date":"2023-01-09T16:09:21","date_gmt":"2023-01-09T15:09:21","guid":{"rendered":"https:\/\/tonalibus.org\/?page_id=22320"},"modified":"2026-02-19T09:49:08","modified_gmt":"2026-02-19T08:49:08","slug":"january-2023-sounds","status":"publish","type":"page","link":"https:\/\/tonalibus.org\/fr\/sounds\/2023-sounds-and-images\/january-2023-sounds\/","title":{"rendered":"Sons de janvier 2023"},"content":{"rendered":"<h2 class=\"wp-block-heading has-text-color\" style=\"color:#f7b320\">Sons personnels et de coop\u00e9ration<em> <\/em>de janvier 2023<\/h2>\n\n\n\n<p class=\"has-text-color\" style=\"color:#f7b320\">Vous trouverez ci-dessous des sons personnels et de coop\u00e9ration<em> <\/em>de janvier 2023.<em> <\/em>Il s'agit d'improvisations et de paysages sonores spontan\u00e9s et originaux r\u00e9alis\u00e9s par <a href=\"https:\/\/tonalibus.org\/fr\/about-tonalibus\/ulrico\/\"><mark style=\"background-color:rgba(0, 0, 0, 0);color:#f7b320\" class=\"has-inline-color\">Ulrico<\/mark><\/a><mark style=\"background-color:rgba(0, 0, 0, 0)\" class=\"has-inline-color has-black-color\"> <\/mark>sur divers instruments, \u00e0 plusieurs pistes ou \u00e0 piste unique, plus des pi\u00e8ces de coop\u00e9ration avec d'autres musiciens, comme indiqu\u00e9.<\/p>\n\n\n\n<h3 class=\"wp-block-heading has-text-color\" id=\"2-way\" style=\"color:#f7b320\">\u201cHarmonic two-way challenge\u201d \u2013 contemplation CorMaj \/ LoloReachLyd<\/h3>\n\n\n\n<figure class=\"wp-block-audio\"><audio controls src=\"https:\/\/tonalibus.org\/wp-content\/uploads\/2023\/02\/2023-01-30-CORMAJ-triple-CALM.mp3\" preload=\"metadata\"><\/audio><figcaption class=\"wp-element-caption\"><a href=\"https:\/\/tonalibus.org\/fr\/tonalities\/reach-or-harmonic-heptatonalities\/cormaj-or-loloreachlyd\/\"><mark style=\"background-color:rgba(0, 0, 0, 0);color:#f7b320\" class=\"has-inline-color\">CorMaj \/ LoloReachLyd<\/mark><\/a><mark style=\"background-color:rgba(0, 0, 0, 0);color:#f7b320\" class=\"has-inline-color\"> \u2013 guitare \u00e0 8 cordes \u2013 11:48 \u2013 <\/mark><a href=\"https:\/\/tonalibus.org\/fr\/tonalities\/reach-or-harmonic-heptatonalities\/cormaj-or-loloreachlyd\/cormaj-or-loloreachlyd-loops\/\" target=\"_blank\" rel=\"noreferrer noopener\"><mark style=\"background-color:rgba(0, 0, 0, 0);color:#f7b320\" class=\"has-inline-color\">en loop<\/mark><\/a><mark style=\"background-color:rgba(0, 0, 0, 0);color:#f7b320\" class=\"has-inline-color\"> sur un onglet s\u00e9par\u00e9<\/mark><\/figcaption><\/figure>\n\n\n\n<h3 class=\"wp-block-heading has-text-color\" id=\"surprises\" style=\"color:#f7b320\">\u201cSurprises welcome\u201d \u2013 coup d'\u0153il au coin de la rue<\/h3>\n\n\n\n<figure class=\"wp-block-audio\"><audio controls src=\"https:\/\/tonalibus.org\/wp-content\/uploads\/2023\/01\/2023-01-08-LOCORNA-CALM-sing.mp3\" preload=\"metadata\"><\/audio><figcaption class=\"wp-element-caption\"><a href=\"https:\/\/tonalibus.org\/fr\/tonalities\/reach-or-harmonic-heptatonalities\/locorna-or-locormin\/\"><mark style=\"background-color:rgba(0, 0, 0, 0);color:#f7b320\" class=\"has-inline-color\">LocorNa \/ LocorMin<\/mark><\/a><mark style=\"background-color:rgba(0, 0, 0, 0);color:#f7b320\" class=\"has-inline-color\"> \u2013 guitare \u00e0 8 cordes \u2013 4:20 \u2013<em> <\/em><\/mark><a href=\"https:\/\/tonalibus.org\/fr\/tonalities\/reach-or-harmonic-heptatonalities\/locorna-or-locormin\/locorna-or-locormin-loops\/\" target=\"_blank\" rel=\"noreferrer noopener\"><mark style=\"background-color:rgba(0, 0, 0, 0);color:#f7b320\" class=\"has-inline-color\">en loop<\/mark><\/a><mark style=\"background-color:rgba(0, 0, 0, 0);color:#f7b320\" class=\"has-inline-color\"> sur un onglet s\u00e9par\u00e9<\/mark><\/figcaption><\/figure>\n\n\n\n<h3 class=\"wp-block-heading has-text-color\" id=\"doula-song\" style=\"color:#f7b320\">\u201cDoula\u2019s song and silence\u201d \u2013 pour une nouvelle g\u00e9n\u00e9ration<\/h3>\n\n\n\n<figure class=\"wp-block-audio\"><audio controls src=\"https:\/\/tonalibus.org\/wp-content\/uploads\/2023\/01\/2023-01-20-PH3.mp3\" preload=\"metadata\"><\/audio><figcaption class=\"wp-element-caption\"><a href=\"https:\/\/tonalibus.org\/fr\/tonalities\/reach-or-harmonic-heptatonalities\/reachmin-phryg-dominant\/\"><mark style=\"background-color:rgba(0, 0, 0, 0);color:#f7b320\" class=\"has-inline-color\">ReachMin<\/mark><\/a><mark style=\"background-color:rgba(0, 0, 0, 0);color:#f7b320\" class=\"has-inline-color\"> (Phrygien dominant) \u2013 voix de Philine Harte, double guitare \u00e0 8 cordes d'Ulrico \u2013 4:06<\/mark><\/figcaption><\/figure>\n\n\n\n<h3 class=\"wp-block-heading has-text-color\" id=\"dear-doula\" style=\"color:#f7b320\">\u201cDear doula\u201d \u2013 espace pour le silence<\/h3>\n\n\n\n<figure class=\"wp-block-audio\"><audio controls src=\"https:\/\/tonalibus.org\/wp-content\/uploads\/2023\/01\/2023-01-20-PHU.mp3\" preload=\"metadata\"><\/audio><figcaption class=\"wp-element-caption\"><a href=\"https:\/\/tonalibus.org\/fr\/tonalities\/pentatonalities\/tetrana\/\"><mark style=\"background-color:rgba(0, 0, 0, 0);color:#f7b320\" class=\"has-inline-color\">T\u00e9traNa<\/mark><\/a><mark style=\"background-color:rgba(0, 0, 0, 0);color:#f7b320\" class=\"has-inline-color\"> avec une touche <\/mark><a href=\"https:\/\/tonalibus.org\/fr\/tonalities\/pentatonalities\/pentabluna\/\"><mark style=\"background-color:rgba(0, 0, 0, 0);color:#f7b320\" class=\"has-inline-color\">PentaBluNa<\/mark><\/a><mark style=\"background-color:rgba(0, 0, 0, 0);color:#f7b320\" class=\"has-inline-color\"> \u2013 guitare \u00e0 8 cordes et grand gong \u2013 6:51<\/mark> <\/figcaption><\/figure>\n\n\n\n<h3 class=\"wp-block-heading has-text-color\" id=\"pulse\" style=\"color:#f7b320\">\u201cPulse of an emerging blue heart\u201d \u2013 premier pas dans une nouvelle ann\u00e9e<\/h3>\n\n\n\n<figure class=\"wp-block-audio\"><audio controls src=\"https:\/\/tonalibus.org\/wp-content\/uploads\/2023\/01\/2023-01-08-GGGG.mp3\" preload=\"metadata\"><\/audio><figcaption class=\"wp-element-caption\"><a href=\"https:\/\/tonalibus.org\/fr\/tonalities\/pentatonalities\/pentamin-or-pentaeol-pentatonic-minor\/\"><mark style=\"background-color:rgba(0, 0, 0, 0);color:#f7b320\" class=\"has-inline-color\">PentaMin \/ Penta\u00c9ol<\/mark><\/a><mark style=\"background-color:rgba(0, 0, 0, 0);color:#f7b320\" class=\"has-inline-color\"> (mineur pentatonique) \u2013 multiple guitare \u00e0 8 cordes \u2013 6:13<\/mark><\/figcaption><\/figure>\n\n\n\n<div style=\"height:56px\" aria-hidden=\"true\" class=\"wp-block-spacer\"><\/div>\n\n\n<div class=\"wp-block-image is-resized\">\n<figure class=\"aligncenter size-full\"><img loading=\"lazy\" decoding=\"async\" width=\"715\" height=\"536\" src=\"https:\/\/tonalibus.org\/wp-content\/uploads\/2022\/08\/20220724_190506029_iOS-2.jpg\" alt=\"January 2023 sounds\" class=\"wp-image-19884\" srcset=\"https:\/\/tonalibus.org\/wp-content\/uploads\/2022\/08\/20220724_190506029_iOS-2.jpg 715w, https:\/\/tonalibus.org\/wp-content\/uploads\/2022\/08\/20220724_190506029_iOS-2-300x225.jpg 300w, https:\/\/tonalibus.org\/wp-content\/uploads\/2022\/08\/20220724_190506029_iOS-2-16x12.jpg 16w\" sizes=\"auto, (max-width: 715px) 100vw, 715px\" \/><figcaption class=\"wp-element-caption\">Ulrico par la baie avec ch\u00e2teau et chapelle \u2013 2022 \u2013 Spiez, Suisse<\/figcaption><\/figure>\n<\/div>","protected":false},"excerpt":{"rendered":"<p>Sons personnels et de coop\u00e9ration de janvier 2023 Vous trouverez ci-dessous des sons personnels et de coop\u00e9ration de janvier 2023. Il s'agit d'improvisations et de paysages sonores spontan\u00e9s et originaux d'Ulrico sur divers instruments, \u00e0 plusieurs couches ou sur une seule piste, ainsi que de pi\u00e8ces de coop\u00e9ration avec d'autres musiciens, comme indiqu\u00e9. \"Harmonic two-way challenge\" - CorMaj \/ LoloReachLyd contemplation \"Surprises welcome\" - glimpse around the ... <\/p>\n<p class=\"link-more\"><a href=\"https:\/\/tonalibus.org\/fr\/sounds\/2023-sounds-and-images\/january-2023-sounds\/\" class=\"more-link\">Continuer la lecture<span class=\"screen-reader-text\"> de \" janvier 2023 sons \"<\/span><\/a><\/p>","protected":false},"author":1,"featured_media":0,"parent":22314,"menu_order":1,"comment_status":"closed","ping_status":"closed","template":"","meta":{"footnotes":""},"class_list":["post-22320","page","type-page","status-publish","hentry"],"yoast_head":"<!-- This site is optimized with the Yoast SEO plugin v27.5 - https:\/\/yoast.com\/product\/yoast-seo-wordpress\/ -->\n<title>January 2023 sounds &#8211; TONALIBUS Harmony and Tonalities<\/title>\n<meta name=\"description\" content=\"Here you find personal sounds from January 2023. They are spontaneous, original improvisations and soundscapes by Ulrico.\" \/>\n<meta name=\"robots\" content=\"index, follow, max-snippet:-1, max-image-preview:large, max-video-preview:-1\" \/>\n<link rel=\"canonical\" href=\"https:\/\/tonalibus.org\/fr\/sounds\/2023-sounds-and-images\/january-2023-sounds\/\" \/>\n<meta property=\"og:locale\" content=\"fr_FR\" \/>\n<meta property=\"og:type\" content=\"article\" \/>\n<meta property=\"og:title\" content=\"January 2023 sounds &#8211; TONALIBUS Harmony and Tonalities\" \/>\n<meta property=\"og:description\" content=\"Here you find personal sounds from January 2023. They are spontaneous, original improvisations and soundscapes by Ulrico.\" \/>\n<meta property=\"og:url\" content=\"https:\/\/tonalibus.org\/fr\/sounds\/2023-sounds-and-images\/january-2023-sounds\/\" \/>\n<meta property=\"og:site_name\" content=\"TONALIBUS\" \/>\n<meta property=\"article:modified_time\" content=\"2026-02-19T08:49:08+00:00\" \/>\n<meta property=\"og:image\" content=\"https:\/\/tonalibus.org\/wp-content\/uploads\/2022\/08\/20220724_190506029_iOS-2.jpg\" \/>\n\t<meta property=\"og:image:width\" content=\"715\" \/>\n\t<meta property=\"og:image:height\" content=\"536\" \/>\n\t<meta property=\"og:image:type\" content=\"image\/jpeg\" \/>\n<meta name=\"twitter:card\" content=\"summary_large_image\" \/>\n<meta name=\"twitter:label1\" content=\"Dur\u00e9e de lecture estim\u00e9e\" \/>\n\t<meta name=\"twitter:data1\" content=\"1 minute\" \/>\n<script type=\"application\/ld+json\" class=\"yoast-schema-graph\">{\"@context\":\"https:\\\/\\\/schema.org\",\"@graph\":[{\"@type\":\"WebPage\",\"@id\":\"https:\\\/\\\/tonalibus.org\\\/sounds\\\/2023-sounds-and-images\\\/january-2023-sounds\\\/\",\"url\":\"https:\\\/\\\/tonalibus.org\\\/sounds\\\/2023-sounds-and-images\\\/january-2023-sounds\\\/\",\"name\":\"January 2023 sounds &#8211; TONALIBUS Harmony and Tonalities\",\"isPartOf\":{\"@id\":\"https:\\\/\\\/tonalibus.org\\\/de\\\/#website\"},\"primaryImageOfPage\":{\"@id\":\"https:\\\/\\\/tonalibus.org\\\/sounds\\\/2023-sounds-and-images\\\/january-2023-sounds\\\/#primaryimage\"},\"image\":{\"@id\":\"https:\\\/\\\/tonalibus.org\\\/sounds\\\/2023-sounds-and-images\\\/january-2023-sounds\\\/#primaryimage\"},\"thumbnailUrl\":\"https:\\\/\\\/tonalibus.org\\\/wp-content\\\/uploads\\\/2022\\\/08\\\/20220724_190506029_iOS-2.jpg\",\"datePublished\":\"2023-01-09T15:09:21+00:00\",\"dateModified\":\"2026-02-19T08:49:08+00:00\",\"description\":\"Here you find personal sounds from January 2023. They are spontaneous, original improvisations and soundscapes by Ulrico.\",\"breadcrumb\":{\"@id\":\"https:\\\/\\\/tonalibus.org\\\/sounds\\\/2023-sounds-and-images\\\/january-2023-sounds\\\/#breadcrumb\"},\"inLanguage\":\"fr-FR\",\"potentialAction\":[{\"@type\":\"ReadAction\",\"target\":[\"https:\\\/\\\/tonalibus.org\\\/sounds\\\/2023-sounds-and-images\\\/january-2023-sounds\\\/\"]}]},{\"@type\":\"ImageObject\",\"inLanguage\":\"fr-FR\",\"@id\":\"https:\\\/\\\/tonalibus.org\\\/sounds\\\/2023-sounds-and-images\\\/january-2023-sounds\\\/#primaryimage\",\"url\":\"https:\\\/\\\/tonalibus.org\\\/wp-content\\\/uploads\\\/2022\\\/08\\\/20220724_190506029_iOS-2.jpg\",\"contentUrl\":\"https:\\\/\\\/tonalibus.org\\\/wp-content\\\/uploads\\\/2022\\\/08\\\/20220724_190506029_iOS-2.jpg\"},{\"@type\":\"BreadcrumbList\",\"@id\":\"https:\\\/\\\/tonalibus.org\\\/sounds\\\/2023-sounds-and-images\\\/january-2023-sounds\\\/#breadcrumb\",\"itemListElement\":[{\"@type\":\"ListItem\",\"position\":1,\"name\":\"Home\",\"item\":\"https:\\\/\\\/tonalibus.org\\\/\"},{\"@type\":\"ListItem\",\"position\":2,\"name\":\"Sounds\",\"item\":\"https:\\\/\\\/tonalibus.org\\\/sounds\\\/\"},{\"@type\":\"ListItem\",\"position\":3,\"name\":\"2023 Sounds and Images\",\"item\":\"https:\\\/\\\/tonalibus.org\\\/sounds\\\/2023-sounds-and-images\\\/\"},{\"@type\":\"ListItem\",\"position\":4,\"name\":\"January 2023 sounds\"}]},{\"@type\":\"WebSite\",\"@id\":\"https:\\\/\\\/tonalibus.org\\\/de\\\/#website\",\"url\":\"https:\\\/\\\/tonalibus.org\\\/de\\\/\",\"name\":\"TONALIBUS\",\"description\":\"Anchored Harmony and Tonalities\",\"publisher\":{\"@id\":\"https:\\\/\\\/tonalibus.org\\\/de\\\/#\\\/schema\\\/person\\\/749261d7bc96d1f00127273f83ab96a4\"},\"potentialAction\":[{\"@type\":\"SearchAction\",\"target\":{\"@type\":\"EntryPoint\",\"urlTemplate\":\"https:\\\/\\\/tonalibus.org\\\/de\\\/?s={search_term_string}\"},\"query-input\":{\"@type\":\"PropertyValueSpecification\",\"valueRequired\":true,\"valueName\":\"search_term_string\"}}],\"inLanguage\":\"fr-FR\"},{\"@type\":[\"Person\",\"Organization\"],\"@id\":\"https:\\\/\\\/tonalibus.org\\\/de\\\/#\\\/schema\\\/person\\\/749261d7bc96d1f00127273f83ab96a4\",\"name\":\"Ulrico\",\"image\":{\"@type\":\"ImageObject\",\"inLanguage\":\"fr-FR\",\"@id\":\"https:\\\/\\\/tonalibus.org\\\/wp-content\\\/uploads\\\/2020\\\/06\\\/uli-pix.jpg\",\"url\":\"https:\\\/\\\/tonalibus.org\\\/wp-content\\\/uploads\\\/2020\\\/06\\\/uli-pix.jpg\",\"contentUrl\":\"https:\\\/\\\/tonalibus.org\\\/wp-content\\\/uploads\\\/2020\\\/06\\\/uli-pix.jpg\",\"width\":960,\"height\":720,\"caption\":\"Ulrico\"},\"logo\":{\"@id\":\"https:\\\/\\\/tonalibus.org\\\/wp-content\\\/uploads\\\/2020\\\/06\\\/uli-pix.jpg\"},\"sameAs\":[\"https:\\\/\\\/tonalibus.cyon.site\"]}]}<\/script>\n<!-- \/ Yoast SEO plugin. -->","yoast_head_json":{"title":"Janvier 2023 sons - TONALIBUS Harmonie et tonalit\u00e9s","description":"Vous trouverez ici des sons personnels de janvier 2023. Il s'agit d'improvisations et de paysages sonores spontan\u00e9s et originaux d'Ulrico.","robots":{"index":"index","follow":"follow","max-snippet":"max-snippet:-1","max-image-preview":"max-image-preview:large","max-video-preview":"max-video-preview:-1"},"canonical":"https:\/\/tonalibus.org\/fr\/sounds\/2023-sounds-and-images\/january-2023-sounds\/","og_locale":"fr_FR","og_type":"article","og_title":"January 2023 sounds &#8211; TONALIBUS Harmony and Tonalities","og_description":"Here you find personal sounds from January 2023. They are spontaneous, original improvisations and soundscapes by Ulrico.","og_url":"https:\/\/tonalibus.org\/fr\/sounds\/2023-sounds-and-images\/january-2023-sounds\/","og_site_name":"TONALIBUS","article_modified_time":"2026-02-19T08:49:08+00:00","og_image":[{"width":715,"height":536,"url":"https:\/\/tonalibus.org\/wp-content\/uploads\/2022\/08\/20220724_190506029_iOS-2.jpg","type":"image\/jpeg"}],"twitter_card":"summary_large_image","twitter_misc":{"Dur\u00e9e de lecture estim\u00e9e":"1 minute"},"schema":{"@context":"https:\/\/schema.org","@graph":[{"@type":"WebPage","@id":"https:\/\/tonalibus.org\/sounds\/2023-sounds-and-images\/january-2023-sounds\/","url":"https:\/\/tonalibus.org\/sounds\/2023-sounds-and-images\/january-2023-sounds\/","name":"Janvier 2023 sons - TONALIBUS Harmonie et tonalit\u00e9s","isPartOf":{"@id":"https:\/\/tonalibus.org\/de\/#website"},"primaryImageOfPage":{"@id":"https:\/\/tonalibus.org\/sounds\/2023-sounds-and-images\/january-2023-sounds\/#primaryimage"},"image":{"@id":"https:\/\/tonalibus.org\/sounds\/2023-sounds-and-images\/january-2023-sounds\/#primaryimage"},"thumbnailUrl":"https:\/\/tonalibus.org\/wp-content\/uploads\/2022\/08\/20220724_190506029_iOS-2.jpg","datePublished":"2023-01-09T15:09:21+00:00","dateModified":"2026-02-19T08:49:08+00:00","description":"Vous trouverez ici des sons personnels de janvier 2023. Il s'agit d'improvisations et de paysages sonores spontan\u00e9s et originaux d'Ulrico.","breadcrumb":{"@id":"https:\/\/tonalibus.org\/sounds\/2023-sounds-and-images\/january-2023-sounds\/#breadcrumb"},"inLanguage":"fr-FR","potentialAction":[{"@type":"ReadAction","target":["https:\/\/tonalibus.org\/sounds\/2023-sounds-and-images\/january-2023-sounds\/"]}]},{"@type":"ImageObject","inLanguage":"fr-FR","@id":"https:\/\/tonalibus.org\/sounds\/2023-sounds-and-images\/january-2023-sounds\/#primaryimage","url":"https:\/\/tonalibus.org\/wp-content\/uploads\/2022\/08\/20220724_190506029_iOS-2.jpg","contentUrl":"https:\/\/tonalibus.org\/wp-content\/uploads\/2022\/08\/20220724_190506029_iOS-2.jpg"},{"@type":"BreadcrumbList","@id":"https:\/\/tonalibus.org\/sounds\/2023-sounds-and-images\/january-2023-sounds\/#breadcrumb","itemListElement":[{"@type":"ListItem","position":1,"name":"Home","item":"https:\/\/tonalibus.org\/"},{"@type":"ListItem","position":2,"name":"Sounds","item":"https:\/\/tonalibus.org\/sounds\/"},{"@type":"ListItem","position":3,"name":"2023 Sounds and Images","item":"https:\/\/tonalibus.org\/sounds\/2023-sounds-and-images\/"},{"@type":"ListItem","position":4,"name":"January 2023 sounds"}]},{"@type":"WebSite","@id":"https:\/\/tonalibus.org\/de\/#website","url":"https:\/\/tonalibus.org\/de\/","name":"TONALIBUS","description":"Harmonie et tonalit\u00e9s ancr\u00e9es","publisher":{"@id":"https:\/\/tonalibus.org\/de\/#\/schema\/person\/749261d7bc96d1f00127273f83ab96a4"},"potentialAction":[{"@type":"SearchAction","target":{"@type":"EntryPoint","urlTemplate":"https:\/\/tonalibus.org\/de\/?s={search_term_string}"},"query-input":{"@type":"PropertyValueSpecification","valueRequired":true,"valueName":"search_term_string"}}],"inLanguage":"fr-FR"},{"@type":["Person","Organization"],"@id":"https:\/\/tonalibus.org\/de\/#\/schema\/person\/749261d7bc96d1f00127273f83ab96a4","name":"Ulrico","image":{"@type":"ImageObject","inLanguage":"fr-FR","@id":"https:\/\/tonalibus.org\/wp-content\/uploads\/2020\/06\/uli-pix.jpg","url":"https:\/\/tonalibus.org\/wp-content\/uploads\/2020\/06\/uli-pix.jpg","contentUrl":"https:\/\/tonalibus.org\/wp-content\/uploads\/2020\/06\/uli-pix.jpg","width":960,"height":720,"caption":"Ulrico"},"logo":{"@id":"https:\/\/tonalibus.org\/wp-content\/uploads\/2020\/06\/uli-pix.jpg"},"sameAs":["https:\/\/tonalibus.cyon.site"]}]}},"_links":{"self":[{"href":"https:\/\/tonalibus.org\/fr\/wp-json\/wp\/v2\/pages\/22320","targetHints":{"allow":["GET"]}}],"collection":[{"href":"https:\/\/tonalibus.org\/fr\/wp-json\/wp\/v2\/pages"}],"about":[{"href":"https:\/\/tonalibus.org\/fr\/wp-json\/wp\/v2\/types\/page"}],"author":[{"embeddable":true,"href":"https:\/\/tonalibus.org\/fr\/wp-json\/wp\/v2\/users\/1"}],"replies":[{"embeddable":true,"href":"https:\/\/tonalibus.org\/fr\/wp-json\/wp\/v2\/comments?post=22320"}],"version-history":[{"count":1,"href":"https:\/\/tonalibus.org\/fr\/wp-json\/wp\/v2\/pages\/22320\/revisions"}],"predecessor-version":[{"id":38422,"href":"https:\/\/tonalibus.org\/fr\/wp-json\/wp\/v2\/pages\/22320\/revisions\/38422"}],"up":[{"embeddable":true,"href":"https:\/\/tonalibus.org\/fr\/wp-json\/wp\/v2\/pages\/22314"}],"wp:attachment":[{"href":"https:\/\/tonalibus.org\/fr\/wp-json\/wp\/v2\/media?parent=22320"}],"curies":[{"name":"wp","href":"https:\/\/api.w.org\/{rel}","templated":true}]}}