{"id":30154,"date":"2024-01-05T15:59:00","date_gmt":"2024-01-05T14:59:00","guid":{"rendered":"https:\/\/tonalibus.org\/?page_id=30154"},"modified":"2025-12-16T15:48:42","modified_gmt":"2025-12-16T14:48:42","slug":"year-end-2023-live-sounds","status":"publish","type":"page","link":"https:\/\/tonalibus.org\/fr\/sounds\/2023-sounds-and-images\/year-end-2023-live-sounds\/","title":{"rendered":"Sons live de la fin 2023"},"content":{"rendered":"<h2 class=\"wp-block-heading has-text-color has-link-color wp-elements-124ddc87fa5b730483dc1e00f5753b22\" style=\"color:#f7b320\">Sons live de la fin d'ann\u00e9e 2023 \u00e0 Kiental, Suisse <\/h2>\n\n\n\n<div class=\"wp-block-buttons is-content-justification-center is-layout-flex wp-container-core-buttons-is-layout-16018d1d wp-block-buttons-is-layout-flex\">\n<div class=\"wp-block-button is-style-outline is-style-outline--1\"><a class=\"wp-block-button__link wp-element-button\" href=\"#story\">Br\u00e8ve histoire<\/a><\/div>\n\n\n\n<div class=\"wp-block-button is-style-outline is-style-outline--2\"><a class=\"wp-block-button__link wp-element-button\" href=\"#silvester\">Concert de Silvestre<\/a><\/div>\n\n\n\n<div class=\"wp-block-button is-style-outline is-style-outline--3\"><a class=\"wp-block-button__link wp-element-button\" href=\"#soundheal\">Gu\u00e9rison sonore<\/a><\/div>\n\n\n\n<div class=\"wp-block-button is-style-outline is-style-outline--4\"><a class=\"wp-block-button__link wp-element-button\" href=\"#photos\">Photos<\/a><\/div>\n\n\n\n<div class=\"wp-block-button is-style-outline is-style-outline--5\"><a class=\"wp-block-button__link wp-element-button\" href=\"https:\/\/tonalibus.org\/fr\/shop\/playlists\/playlist-coops\/#PW\">Playlist<\/a><\/div>\n<\/div>\n\n\n\n<div style=\"height:20px\" aria-hidden=\"true\" class=\"wp-block-spacer\"><\/div>\n\n\n\n<h2 class=\"wp-block-heading has-text-color has-link-color wp-elements-ddb622ce2ca1bc989d6ee1f111c673e8\" id=\"story\" style=\"color:#f7b320\">Br\u00e8ve histoire du voyage sonore de la fin d'ann\u00e9e 2023<\/h2>\n\n\n\n<p class=\"has-text-color has-link-color wp-elements-4a1f1737e1266bb2f470ce7b205354e1\" style=\"color:#f7b320\">Les sons live de la fin d'ann\u00e9e 2023 avec les enregistrements ci-dessous sont le r\u00e9sultat de l'invitation faite par Punnu Singh Wasu \u00e0 Ulrico de Tonalibus de contribuer \u00e0 la gu\u00e9rison sonore et au concert de Silvestre au Kientalerhof \u00e0 Kiental, Suisse, les 30 et 31 d\u00e9cembre 2023. Punnu y dirigeait une retraite transformatrice pour le Nouvel An, dont le th\u00e8me \u00e9tait \u201cFlowering of the heart\u201d \u2013 avec la libert\u00e9 int\u00e9rieure dans la nouvelle ann\u00e9e.<\/p>\n\n\n\n<p class=\"has-text-color has-link-color wp-elements-c454f91686038bb75391fc5b92a8890b\" style=\"color:#f7b320\"><a href=\"https:\/\/www.punnuwasu.com\/\" target=\"_blank\" rel=\"noreferrer noopener\"><mark style=\"background-color:rgba(0, 0, 0, 0);color:#f7b320\" class=\"has-inline-color\">Punnu Wasu<\/mark><\/a> consacre sa vie \u00e0 la m\u00e9ditation, au yoga, \u00e0 la musique et \u00e0 la gu\u00e9rison. Il est vocaliste indien, ma\u00eetre de kirtan, musicien, auteur-compositeur et multi-instrumentiste. Il vit en Suisse et \u00e0 Ubud, Bali, en Indon\u00e9sie, o\u00f9 il travaille au centre de yoga de renomm\u00e9e mondiale The Yoga Barn. Punnu est n\u00e9 et a grandi \u00e0 Hyderabad dans une famille qui voue un v\u00e9ritable amour au Kirtan (musique d\u00e9votionnelle) et \u00e0 la spiritualit\u00e9.<\/p>\n\n\n\n<h2 class=\"wp-block-heading has-text-color has-link-color wp-elements-d1641ee0f0eb2e2227700247c715d23c\" style=\"color:#f7b320\">Voyage sonore de la fin d'ann\u00e9e 2023 \u2013 enregistrements  live<\/h2>\n\n\n\n<p class=\"has-text-color has-link-color wp-elements-3548ea0be6e73348d7e434c38b3da41c\" style=\"color:#f7b320\">Vous trouverez ci-dessous des enregistrements live masteris\u00e9s individuellement. Ils sont \u00e9galement disponibles dans une <em><a href=\"https:\/\/tonalibus.org\/fr\/shop\/playlists\/playlist-coops\/#PW\"><mark style=\"background-color:rgba(0, 0, 0, 0);color:#f7b320\" class=\"has-inline-color\">playlist<\/mark><\/a><\/em>.<\/p>\n\n\n\n<h2 class=\"wp-block-heading has-text-color has-link-color wp-elements-042f219f2bb8f8fff2a7bdc1cf26369f\" id=\"silvester\" style=\"color:#f7b320\">31 d\u00e9cembre 2023 \u2013 sons live de Silvestre<\/h2>\n\n\n\n<p class=\"has-text-color has-link-color wp-elements-87990ebda52051520dbcb478fba2185a\" style=\"color:#f7b320\">L'accord des instruments s'est fait, dans la mesure du possible, par rapport \u00e0 La 435 Hz.<\/p>\n\n\n\n<h3 class=\"wp-block-heading has-text-color has-link-color wp-elements-e71121132cdb4923079216de64cb8b7b\" style=\"color:#f7b320\">\u0a35\u0a3e\u0a39\u0a3f\u0a17\u0a41\u0a30\u0a42 \u2013 \u201cWaheguru\u201d \u2013 en admiration devant le divin<\/h3>\n\n\n\n<figure class=\"wp-block-audio\"><audio controls src=\"https:\/\/tonalibus.org\/wp-content\/uploads\/2024\/01\/2023-12-31-PUNNU-1-Waheguru.mp3\" preload=\"metadata\"><\/audio><figcaption class=\"wp-element-caption\"><a href=\"https:\/\/tonalibus.org\/fr\/tonalities\/diatonic-heptatonalities\/ionian-diatonic-major\/\"><mark style=\"background-color:rgba(0, 0, 0, 0);color:#f7b320\" class=\"has-inline-color\">Ionien<\/mark><\/a><mark style=\"background-color:rgba(0, 0, 0, 0);color:#f7b320\" class=\"has-inline-color\"> sur R\u00e9 \u2013 Punnu Wasu : voix &amp; harmonium \u2013 7:15<mark style=\"background-color:rgba(0, 0, 0, 0);color:#f7b320\" class=\"has-inline-color\"><em> <\/em>live<\/mark><\/mark><\/figcaption><\/figure>\n\n\n\n<h3 class=\"wp-block-heading has-text-color has-link-color wp-elements-b95548183cb57d5b605ef97a62413a13\" id=\"harmony\" style=\"color:#f7b320\">\u201cHarmony in the present moment\u201d \u2013 le m\u00e9lange des cultures<\/h3>\n\n\n\n<figure class=\"wp-block-audio\"><audio controls src=\"https:\/\/tonalibus.org\/wp-content\/uploads\/2024\/01\/2023-12-31-PUNNU-2-ULI.mp3\" preload=\"metadata\"><\/audio><figcaption class=\"wp-element-caption\"><a href=\"https:\/\/tonalibus.org\/fr\/tonalities\/diatonic-heptatonalities\/mixolydian\/\"><mark style=\"background-color:rgba(0, 0, 0, 0);color:#f7b320\" class=\"has-inline-color\">Mixolydien<\/mark><\/a><mark style=\"background-color:rgba(0, 0, 0, 0);color:#f7b320\" class=\"has-inline-color\"> \/ <\/mark><a href=\"https:\/\/tonalibus.org\/fr\/tonalities\/diatonic-heptatonalities\/ionian-diatonic-major\/\"><mark style=\"background-color:rgba(0, 0, 0, 0);color:#f7b320\" class=\"has-inline-color\">Ionien<\/mark><\/a><mark style=\"background-color:rgba(0, 0, 0, 0);color:#f7b320\" class=\"has-inline-color\"> sur Do# \u2013 Punnu Wasu : mandoline \u2013 Ulrico : guitare \u00e0 8 cordes \u2013 8:35<mark style=\"background-color:rgba(0, 0, 0, 0);color:#f7b320\" class=\"has-inline-color\"><em> <\/em>live<\/mark><\/mark><\/figcaption><\/figure>\n\n\n\n<h3 class=\"wp-block-heading has-text-color has-link-color wp-elements-4476606b24ae918f067d402a041c1d48\" style=\"color:#f7b320\">\u0917\u094b\u0935\u093f\u0928\u094d\u0926 \u0917\u094b\u092a\u093e\u0932\u093e \u2013 \u201cGovinda Gop\u0101la\u201d \u2013 nourrir les sens<\/h3>\n\n\n\n<figure class=\"wp-block-audio\"><audio controls src=\"https:\/\/tonalibus.org\/wp-content\/uploads\/2024\/01\/2023-12-31-PUNNU-3-Govinda-Gopala.mp3\" preload=\"metadata\"><\/audio><figcaption class=\"wp-element-caption\"><a href=\"https:\/\/tonalibus.org\/fr\/tonalities\/diatonic-heptatonalities\/aeolian-natural-minor\/\"><mark style=\"background-color:rgba(0, 0, 0, 0);color:#f7b320\" class=\"has-inline-color\">\u00c9olien<\/mark><\/a><mark style=\"background-color:rgba(0, 0, 0, 0);color:#f7b320\" class=\"has-inline-color\"> sur Do# \u2013 Punnu Wasu : voix &amp; harmonium \u2013 8:01<mark style=\"background-color:rgba(0, 0, 0, 0);color:#f7b320\" class=\"has-inline-color\"><em> <\/em>live<\/mark><\/mark><\/figcaption><\/figure>\n\n\n\n<h3 class=\"wp-block-heading has-text-color has-link-color wp-elements-c0c90e60e42eb6459938e4fb01b9d24f\" id=\"vichitra\" style=\"color:#f7b320\">\u0935\u093f\u091a\u093f\u0924\u094d\u0930 \u2013 \u201cVichitra, a surprise\u201d \u2013 \u00e9trange, fantaisiste et curieux<\/h3>\n\n\n\n<figure class=\"wp-block-audio\"><audio controls src=\"https:\/\/tonalibus.org\/wp-content\/uploads\/2024\/01\/2023-12-31-PUNNU-4-Uli.mp3\" preload=\"metadata\"><\/audio><figcaption class=\"wp-element-caption\"><a href=\"https:\/\/tonalibus.org\/fr\/tonalities\/reach-or-harmonic-heptatonalities\/reachmin-phryg-dominant\/\"><mark style=\"background-color:rgba(0, 0, 0, 0);color:#f7b320\" class=\"has-inline-color\">ReachMin<\/mark><\/a><mark style=\"background-color:rgba(0, 0, 0, 0);color:#f7b320\" class=\"has-inline-color\"> sur Sol# \u2013 Punnu Wasu : mandoline \u2013 Ulrico : fretted<em> <\/em>vichitra v\u00een\u00e2<em> <\/em>\u2013 4:24 live<\/mark><\/figcaption><\/figure>\n\n\n\n<h3 class=\"wp-block-heading has-text-color has-link-color wp-elements-87d9c0963447beec7b52f7a8ae25abc4\" id=\"ganesha\" style=\"color:#f7b320\">\u0950 \u0917\u0902 \u0917\u0923\u092a\u0924\u092f\u0947 \u0928\u092e\u0903 \u2013 \u201c\u014c\u1e43 Gam Ganapataye Namaha\u201d \u2013 Mantra de Ganesha<\/h3>\n\n\n\n<figure class=\"wp-block-audio\"><audio controls src=\"https:\/\/tonalibus.org\/wp-content\/uploads\/2024\/01\/2023-12-31-PUNNU-5-Ganesha-ULI.mp3\" preload=\"metadata\"><\/audio><figcaption class=\"wp-element-caption\"><a href=\"https:\/\/tonalibus.org\/fr\/tonalities\/diatonic-heptatonalities\/aeolian-natural-minor\/\"><mark style=\"background-color:rgba(0, 0, 0, 0);color:#f7b320\" class=\"has-inline-color\">\u00c9olien<\/mark><\/a><mark style=\"background-color:rgba(0, 0, 0, 0);color:#f7b320\" class=\"has-inline-color\"> sur Do# \u2013 Punnu Wasu : voix &amp; harmonium \u2013 Ulrico : guitare \u00e0 7 cordes \u2013 11:29<mark style=\"background-color:rgba(0, 0, 0, 0);color:#f7b320\" class=\"has-inline-color\"><em> <\/em>live<\/mark><\/mark><\/figcaption><\/figure>\n\n\n\n<h3 class=\"wp-block-heading has-text-color has-link-color wp-elements-a2e63ced43680459d444911a7c3ce234\" style=\"color:#f7b320\">\u0924\u093e\u0930\u093e \u2013 \u201cT\u0101r\u0101 mantra \u2013 \u014c\u1e43 T\u0101re Tutt\u0101re Ture Sv\u0101h\u0101\u201d \u2013 qu'il en soit ainsi !<\/h3>\n\n\n\n<figure class=\"wp-block-audio\"><audio controls src=\"https:\/\/tonalibus.org\/wp-content\/uploads\/2024\/01\/2023-12-31-PUNNU-6-Tara.mp3\" preload=\"metadata\"><\/audio><figcaption class=\"wp-element-caption\"><a href=\"https:\/\/tonalibus.org\/fr\/tonalities\/diatonic-heptatonalities\/aeolian-natural-minor\/\"><mark style=\"background-color:rgba(0, 0, 0, 0);color:#f7b320\" class=\"has-inline-color\">\u00c9olien<\/mark><\/a><mark style=\"background-color:rgba(0, 0, 0, 0);color:#f7b320\" class=\"has-inline-color\"> sur R\u00e9# \u2013 Punnu Wasu : voix &amp; harmonium \u2013 6:54<mark style=\"background-color:rgba(0, 0, 0, 0);color:#f7b320\" class=\"has-inline-color\"><em> <\/em>live<\/mark><\/mark><\/figcaption><\/figure>\n\n\n\n<h3 class=\"wp-block-heading has-text-color has-link-color wp-elements-c359e22ac7b6cdb73d866ed05939a027\" style=\"color:#f7b320\">\u201cAd Gureh Nameh\u201d \u2013 je m'incline devant la sagesse primaire<\/h3>\n\n\n\n<figure class=\"wp-block-audio\"><audio controls src=\"https:\/\/tonalibus.org\/wp-content\/uploads\/2024\/01\/2023-12-31-PUNNU-7-ad-gure-nameh.mp3\" preload=\"metadata\"><\/audio><figcaption class=\"wp-element-caption\"><a href=\"https:\/\/tonalibus.org\/fr\/tonalities\/diatonic-heptatonalities\/mixolydian\/\"><mark style=\"background-color:rgba(0, 0, 0, 0);color:#f7b320\" class=\"has-inline-color\">Mixolydien<\/mark><\/a><mark style=\"background-color:rgba(0, 0, 0, 0);color:#f7b320\" class=\"has-inline-color\"> sur Do# \u2013 Punnu Wasu : voix &amp; harmonium \u2013 4:25<mark style=\"background-color:rgba(0, 0, 0, 0);color:#f7b320\" class=\"has-inline-color\"><em> <\/em>live<\/mark><\/mark><\/figcaption><\/figure>\n\n\n\n<h3 class=\"wp-block-heading has-text-color has-link-color wp-elements-43f24ac0489ea9c652adc19a46ca7e76\" id=\"jaima\" style=\"color:#f7b320\">\u091c\u092f \u091c\u092f \u092e\u093e\u0901 \u2013 \u201cJai Jai Ma\u201d \u2013 louange \u00e0 la m\u00e8re<\/h3>\n\n\n\n<figure class=\"wp-block-audio\"><audio controls src=\"https:\/\/tonalibus.org\/wp-content\/uploads\/2024\/01\/2023-12-31-PUNNU-8-jay-ma-ULI.mp3\" preload=\"metadata\"><\/audio><figcaption class=\"wp-element-caption\"><a href=\"https:\/\/tonalibus.org\/fr\/tonalities\/diatonic-heptatonalities\/aeolian-natural-minor\/\"><mark style=\"background-color:rgba(0, 0, 0, 0);color:#f7b320\" class=\"has-inline-color\">\u00c9olien<\/mark><\/a><mark style=\"background-color:rgba(0, 0, 0, 0);color:#f7b320\" class=\"has-inline-color\"> sur Do# \u2013 Punnu Wasu : voix &amp; harmonium \u2013 Ulrico : guitare \u00e0 8 cordes \u2013 12:29<mark style=\"background-color:rgba(0, 0, 0, 0);color:#f7b320\" class=\"has-inline-color\"><em> <\/em>live<\/mark><\/mark><\/figcaption><\/figure>\n\n\n\n<h3 class=\"wp-block-heading has-text-color has-link-color wp-elements-035600e5ab4e8c00bbd2ef8ef4468854\" id=\"santih\" style=\"color:#f7b320\">\u0950 \u0936\u093e\u0928\u094d\u0924\u093f\u0903 \u2013 \u201c\u014c\u1e43 \u015a\u0101nti\u1e25\u201d \u2013 gu\u00e9rison sonore<\/h3>\n\n\n\n<figure class=\"wp-block-audio\"><audio controls src=\"https:\/\/tonalibus.org\/wp-content\/uploads\/2024\/01\/2023-12-31-PUNNU-9-Om-Shanti-ULI.mp3\" preload=\"metadata\"><\/audio><figcaption class=\"wp-element-caption\"><a href=\"https:\/\/tonalibus.org\/fr\/tonalities\/reach-or-harmonic-heptatonalities\/reachmin-phryg-dominant\/\"><mark style=\"background-color:rgba(0, 0, 0, 0);color:#f7b320\" class=\"has-inline-color\">ReachMin<\/mark><\/a><mark style=\"background-color:rgba(0, 0, 0, 0);color:#f7b320\" class=\"has-inline-color\"> sur R\u00e9# \u2013 Punnu Wasu : voix &amp; mandoline \u2013 Ulrico : guitare \u00e0 7 cordes \u2013 11:30<mark style=\"background-color:rgba(0, 0, 0, 0);color:#f7b320\" class=\"has-inline-color\"><em> <\/em>live<\/mark><\/mark><\/figcaption><\/figure>\n\n\n\n<h3 class=\"wp-block-heading has-text-color has-link-color wp-elements-0db753d85399fece70a373396c036daa\" style=\"color:#f7b320\">\u201cHappy new year Trycheln\u201d \u2013 cloches de vaches pour les f\u00eates suisses<\/h3>\n\n\n\n<figure class=\"wp-block-audio\"><audio controls src=\"https:\/\/tonalibus.org\/wp-content\/uploads\/2024\/01\/2023-12-31-Treichler-happy-new-year.mp3\" preload=\"metadata\"><\/audio><figcaption class=\"wp-element-caption\"><mark style=\"background-color:rgba(0, 0, 0, 0);color:#f7b320\" class=\"has-inline-color\">Kiental Trychler \u2013 grandes cloches de vaches suisses \u2013 3:22<mark style=\"background-color:rgba(0, 0, 0, 0);color:#f7b320\" class=\"has-inline-color\"><em> <\/em>live<\/mark><\/mark>  <\/figcaption><\/figure>\n\n\n\n<h2 class=\"wp-block-heading has-text-color has-link-color wp-elements-a36d959d299e47f21055de56f1657414\" id=\"soundheal\" style=\"color:#f7b320\">30 d\u00e9cembre 2023 \u2013 gu\u00e9rison sonore enregistrements live<\/h2>\n\n\n\n<p class=\"has-text-color has-link-color wp-elements-cf34ad259eb3de22246d84ec422292da\" style=\"color:#f7b320\">L'accord des instruments \u00e9tait relatif \u00e0 La 432 Hz pour certains et 435 Hz pour d'autres.<\/p>\n\n\n\n<h3 class=\"wp-block-heading has-text-color has-link-color wp-elements-6dd92de7f6e7e1c64982dce84f8f92d2\" id=\"dedication\" style=\"color:#f7b320\">\u201cSound healing dedication\u201d \u2013 un \u00e9change mutuel<\/h3>\n\n\n\n<figure class=\"wp-block-audio\"><audio controls src=\"https:\/\/tonalibus.org\/wp-content\/uploads\/2024\/01\/2023-12-30-PUNNU-R07_0018-ULI.mp3\"><\/audio><figcaption class=\"wp-element-caption\"><a href=\"https:\/\/tonalibus.org\/fr\/tonalities\/diatonic-heptatonalities\/aeolian-natural-minor\/\"><mark style=\"background-color:rgba(0, 0, 0, 0);color:#f7b320\" class=\"has-inline-color\">\u00c9olien<\/mark><\/a><mark style=\"background-color:rgba(0, 0, 0, 0);color:#f7b320\" class=\"has-inline-color\"> sur Sol \u2013 Punnu Wasu : voix &amp; harmonium \u2013 Catherine G\u00f6ldlin : tambour sur cadre \u2013 Ulrico : sifflet \u00e0 oiseaux \u2013 7:17<mark style=\"background-color:rgba(0, 0, 0, 0);color:#f7b320\" class=\"has-inline-color\"><em> <\/em>live<\/mark><\/mark><\/figcaption><\/figure>\n\n\n\n<h3 class=\"wp-block-heading has-text-color has-link-color wp-elements-30b8502d615f183af1bef4e14eb34b7a\" id=\"within\" style=\"color:#f7b320\">\u201cThe joy of freedom within\u201d \u2013 un calme bienfaisant<\/h3>\n\n\n\n<figure class=\"wp-block-audio\"><audio controls src=\"https:\/\/tonalibus.org\/wp-content\/uploads\/2024\/01\/2023-12-30-PUNNU-R07_0019-ULI-m.mp3\"><\/audio><figcaption class=\"wp-element-caption\"><a href=\"https:\/\/tonalibus.org\/fr\/tonalities\/diatonic-heptatonalities\/mixolydian\/\"><mark style=\"background-color:rgba(0, 0, 0, 0);color:#f7b320\" class=\"has-inline-color\">Mixolydien<\/mark><\/a><mark style=\"background-color:rgba(0, 0, 0, 0);color:#f7b320\" class=\"has-inline-color\"> avec une touche de <\/mark><a href=\"https:\/\/tonalibus.org\/fr\/tonalities\/diatonic-heptatonalities\/ionian-diatonic-major\/\"><mark style=\"background-color:rgba(0, 0, 0, 0);color:#f7b320\" class=\"has-inline-color\">Ionien<\/mark><\/a><mark style=\"background-color:rgba(0, 0, 0, 0);color:#f7b320\" class=\"has-inline-color\">, <\/mark><a href=\"https:\/\/tonalibus.org\/fr\/tonalities\/reach-or-harmonic-heptatonalities\/reachbal-dbl-h-gypsy-maj\/\"><mark style=\"background-color:rgba(0, 0, 0, 0);color:#f7b320\" class=\"has-inline-color\">ReachBal<\/mark><\/a><mark style=\"background-color:rgba(0, 0, 0, 0);color:#f7b320\" class=\"has-inline-color\"> sur R\u00e9# \u2013 Punnu Wasu : voix &amp; mandoline \u2013 Ulrico : guitare \u00e0 7 cordes \u2013 12:02<mark style=\"background-color:rgba(0, 0, 0, 0);color:#f7b320\" class=\"has-inline-color\"><em> <\/em>live<\/mark><\/mark><\/figcaption><\/figure>\n\n\n\n<h3 class=\"wp-block-heading has-text-color has-link-color wp-elements-66791b16d60129c39d8726fde8ccdd5c\" id=\"glimpse\" style=\"color:#f7b320\">\u201cA glimpse of heaven\u201d \u2013 simple et direct<\/h3>\n\n\n\n<figure class=\"wp-block-audio\"><audio controls src=\"https:\/\/tonalibus.org\/wp-content\/uploads\/2024\/01\/2023-12-30-R07_0020-ULI.mp3\"><\/audio><figcaption class=\"wp-element-caption\"><a href=\"https:\/\/tonalibus.org\/fr\/tonalities\/diatonic-heptatonalities\/mixolydian\/\"><mark style=\"background-color:rgba(0, 0, 0, 0);color:#f7b320\" class=\"has-inline-color\">Mixolydien<\/mark><\/a><mark style=\"background-color:rgba(0, 0, 0, 0);color:#f7b320\" class=\"has-inline-color\"> sur Do# \u2013 Ulrico : guitare \u00e0 8 cordes \u2013 3:24<em> <\/em>live<\/mark><\/figcaption><\/figure>\n\n\n\n<h3 class=\"wp-block-heading has-text-color has-link-color wp-elements-8e2259486eef4d431a4fa902005bd04d\" id=\"spirit\" style=\"color:#f7b320\">\u201cSpirit of the water\u201d \u2013 la m\u00e9decine curative des fleurs de la for\u00eat<\/h3>\n\n\n\n<figure class=\"wp-block-audio\"><audio controls src=\"https:\/\/tonalibus.org\/wp-content\/uploads\/2024\/01\/2023-12-30-PUNNU-R07_0021-ULI.mp3\"><\/audio><figcaption class=\"wp-element-caption\"><a href=\"https:\/\/tonalibus.org\/fr\/tonalities\/hexatonalities\/hexamin\/\"><mark style=\"background-color:rgba(0, 0, 0, 0);color:#f7b320\" class=\"has-inline-color\">HexaMin<\/mark><\/a><mark style=\"background-color:rgba(0, 0, 0, 0);color:#f7b320\" class=\"has-inline-color\"> sur Fa# \u2013 Punnu Wasu : voix &amp; tambour sur cadre \u2013 Ulrico : djemb\u00e9 \u2013 5:57<mark style=\"background-color:rgba(0, 0, 0, 0);color:#f7b320\" class=\"has-inline-color\"><em> <\/em>live<\/mark><\/mark><\/figcaption><\/figure>\n\n\n\n<h3 class=\"wp-block-heading has-text-color has-link-color wp-elements-50b3f6b871e8b71f0075fcf62f08d91b\" id=\"joy\" style=\"color:#f7b320\">\u201cJoy, peace, &amp; harmony\u201d \u2013 les amis se retrouvent toujours<\/h3>\n\n\n\n<figure class=\"wp-block-audio\"><audio controls src=\"https:\/\/tonalibus.org\/wp-content\/uploads\/2024\/01\/2023-12-30-MAN2-VE-8G-PUNNU.mp3\"><\/audio><figcaption class=\"wp-element-caption\"><a href=\"https:\/\/tonalibus.org\/fr\/tonalities\/reach-or-harmonic-heptatonalities\/reachmin-phryg-dominant\/\"><mark style=\"background-color:rgba(0, 0, 0, 0);color:#f7b320\" class=\"has-inline-color\">ReachMin<\/mark><\/a><mark style=\"background-color:rgba(0, 0, 0, 0);color:#f7b320\" class=\"has-inline-color\"> (Phrygien dominant) sur Sol# \u2013 <em>Punnu Wasu<\/em>: double mandoline \u2013 Ulrico :<em> <\/em>vichitra v\u00een\u00e2<em> <\/em>&amp; guitare \u00e0 8 cordes \u2013 8:14<\/mark><\/figcaption><\/figure>\n\n\n\n<h2 class=\"wp-block-heading has-text-color has-link-color wp-elements-66370cafc7f4a450b6fadd6a7baa984c\" id=\"photos\" style=\"color:#f7b320\">Photos de sons live de la fin d'ann\u00e9e 2023<\/h2>\n\n\n\n<figure class=\"wp-block-image size-large\"><img loading=\"lazy\" decoding=\"async\" width=\"1024\" height=\"453\" src=\"https:\/\/tonalibus.org\/wp-content\/uploads\/2024\/01\/20240104_173001000_iOS-xc-1024x453.jpg\" alt=\"Year-end 2023 live sounds\" class=\"wp-image-30218\" srcset=\"https:\/\/tonalibus.org\/wp-content\/uploads\/2024\/01\/20240104_173001000_iOS-xc-1024x453.jpg 1024w, https:\/\/tonalibus.org\/wp-content\/uploads\/2024\/01\/20240104_173001000_iOS-xc-300x133.jpg 300w, https:\/\/tonalibus.org\/wp-content\/uploads\/2024\/01\/20240104_173001000_iOS-xc-768x340.jpg 768w, https:\/\/tonalibus.org\/wp-content\/uploads\/2024\/01\/20240104_173001000_iOS-xc-1536x680.jpg 1536w, https:\/\/tonalibus.org\/wp-content\/uploads\/2024\/01\/20240104_173001000_iOS-xc-18x8.jpg 18w, https:\/\/tonalibus.org\/wp-content\/uploads\/2024\/01\/20240104_173001000_iOS-xc-1320x584.jpg 1320w, https:\/\/tonalibus.org\/wp-content\/uploads\/2024\/01\/20240104_173001000_iOS-xc.jpg 2048w\" sizes=\"auto, (max-width: 706px) 89vw, (max-width: 767px) 82vw, 740px\" \/><\/figure>\n\n\n\n<figure class=\"wp-block-gallery has-nested-images columns-default is-cropped wp-block-gallery-6 is-layout-flex wp-block-gallery-is-layout-flex\">\n<figure class=\"wp-block-image size-large\"><img loading=\"lazy\" decoding=\"async\" width=\"958\" height=\"1024\" data-id=\"30219\" src=\"https:\/\/tonalibus.org\/wp-content\/uploads\/2024\/01\/20240104_173002000_iOS-xc-958x1024.jpg\" alt=\"Year-end 2023 live sounds\" class=\"wp-image-30219\" srcset=\"https:\/\/tonalibus.org\/wp-content\/uploads\/2024\/01\/20240104_173002000_iOS-xc-958x1024.jpg 958w, https:\/\/tonalibus.org\/wp-content\/uploads\/2024\/01\/20240104_173002000_iOS-xc-281x300.jpg 281w, https:\/\/tonalibus.org\/wp-content\/uploads\/2024\/01\/20240104_173002000_iOS-xc-768x821.jpg 768w, https:\/\/tonalibus.org\/wp-content\/uploads\/2024\/01\/20240104_173002000_iOS-xc-1437x1536.jpg 1437w, https:\/\/tonalibus.org\/wp-content\/uploads\/2024\/01\/20240104_173002000_iOS-xc-11x12.jpg 11w, https:\/\/tonalibus.org\/wp-content\/uploads\/2024\/01\/20240104_173002000_iOS-xc-1320x1411.jpg 1320w, https:\/\/tonalibus.org\/wp-content\/uploads\/2024\/01\/20240104_173002000_iOS-xc.jpg 1536w\" sizes=\"auto, (max-width: 706px) 89vw, (max-width: 767px) 82vw, 740px\" \/><figcaption class=\"wp-element-caption\">Ulrico<\/figcaption><\/figure>\n\n\n\n<figure class=\"wp-block-image size-large\"><img loading=\"lazy\" decoding=\"async\" width=\"1024\" height=\"871\" data-id=\"30220\" src=\"https:\/\/tonalibus.org\/wp-content\/uploads\/2024\/01\/20240104_173003000_iOS-xc-1024x871.jpg\" alt=\"Year-end 2023 live sounds\" class=\"wp-image-30220\" srcset=\"https:\/\/tonalibus.org\/wp-content\/uploads\/2024\/01\/20240104_173003000_iOS-xc-1024x871.jpg 1024w, https:\/\/tonalibus.org\/wp-content\/uploads\/2024\/01\/20240104_173003000_iOS-xc-300x255.jpg 300w, https:\/\/tonalibus.org\/wp-content\/uploads\/2024\/01\/20240104_173003000_iOS-xc-768x653.jpg 768w, https:\/\/tonalibus.org\/wp-content\/uploads\/2024\/01\/20240104_173003000_iOS-xc-1536x1306.jpg 1536w, https:\/\/tonalibus.org\/wp-content\/uploads\/2024\/01\/20240104_173003000_iOS-xc-14x12.jpg 14w, https:\/\/tonalibus.org\/wp-content\/uploads\/2024\/01\/20240104_173003000_iOS-xc-1320x1122.jpg 1320w, https:\/\/tonalibus.org\/wp-content\/uploads\/2024\/01\/20240104_173003000_iOS-xc.jpg 1589w\" sizes=\"auto, (max-width: 706px) 89vw, (max-width: 767px) 82vw, 740px\" \/><figcaption class=\"wp-element-caption\">Punnu Wasu<\/figcaption><\/figure>\n<\/figure>\n\n\n\n<p class=\"has-text-align-center has-small-font-size\"><em>(photos de Karin Gs\u00f6llpointner)<\/em><\/p>","protected":false},"excerpt":{"rendered":"<p>Les sons en direct de la fin de l'ann\u00e9e 2023 \u00e0 Kiental, en Suisse Br\u00e8ve histoire du voyage sonore de la fin de l'ann\u00e9e 2023 Les sons en direct de la fin de l'ann\u00e9e 2023 avec les enregistrements ci-dessous sont n\u00e9s de l'invitation de Punnu Singh Wasu \u00e0 Ulrico de Tonalibus \u00e0 contribuer \u00e0 la gu\u00e9rison par le son et \u00e0 un concert de Silvester au Kientalerhof \u00e0 Kiental, en Suisse, le 30 d\u00e9cembre ... <\/p>\n<p class=\"link-more\"><a href=\"https:\/\/tonalibus.org\/fr\/sounds\/2023-sounds-and-images\/year-end-2023-live-sounds\/\" class=\"more-link\">Continuer la lecture<span class=\"screen-reader-text\"> de \" Year-end 2023 live sounds \"<\/span><\/a><\/p>","protected":false},"author":1,"featured_media":0,"parent":22314,"menu_order":13,"comment_status":"closed","ping_status":"closed","template":"","meta":{"footnotes":""},"class_list":["post-30154","page","type-page","status-publish","hentry"],"yoast_head":"<!-- This site is optimized with the Yoast SEO plugin v27.5 - https:\/\/yoast.com\/product\/yoast-seo-wordpress\/ -->\n<title>Year-end 2023 live sounds &#8211; TONALIBUS Harmony and Tonalities<\/title>\n<meta name=\"description\" content=\"Year-end 2023 live sounds presents live recordings from a 2023 year-end sound journey with Punnu Wasu and Ulrico in Kiental, Switzerland\" \/>\n<meta name=\"robots\" content=\"index, follow, max-snippet:-1, max-image-preview:large, max-video-preview:-1\" \/>\n<link rel=\"canonical\" href=\"https:\/\/tonalibus.org\/fr\/sounds\/2023-sounds-and-images\/year-end-2023-live-sounds\/\" \/>\n<meta property=\"og:locale\" content=\"fr_FR\" \/>\n<meta property=\"og:type\" content=\"article\" \/>\n<meta property=\"og:title\" content=\"Year-end 2023 live sounds &#8211; TONALIBUS Harmony and Tonalities\" \/>\n<meta property=\"og:description\" content=\"Year-end 2023 live sounds presents live recordings from a 2023 year-end sound journey with Punnu Wasu and Ulrico in Kiental, Switzerland\" \/>\n<meta property=\"og:url\" content=\"https:\/\/tonalibus.org\/fr\/sounds\/2023-sounds-and-images\/year-end-2023-live-sounds\/\" \/>\n<meta property=\"og:site_name\" content=\"TONALIBUS\" \/>\n<meta property=\"article:modified_time\" content=\"2025-12-16T14:48:42+00:00\" \/>\n<meta property=\"og:image\" content=\"https:\/\/tonalibus.org\/wp-content\/uploads\/2024\/01\/20240104_173001000_iOS-xc.jpg\" \/>\n\t<meta property=\"og:image:width\" content=\"2048\" \/>\n\t<meta property=\"og:image:height\" content=\"906\" \/>\n\t<meta property=\"og:image:type\" content=\"image\/jpeg\" \/>\n<meta name=\"twitter:card\" content=\"summary_large_image\" \/>\n<meta name=\"twitter:label1\" content=\"Dur\u00e9e de lecture estim\u00e9e\" \/>\n\t<meta name=\"twitter:data1\" content=\"3 minutes\" \/>\n<script type=\"application\/ld+json\" class=\"yoast-schema-graph\">{\"@context\":\"https:\\\/\\\/schema.org\",\"@graph\":[{\"@type\":\"WebPage\",\"@id\":\"https:\\\/\\\/tonalibus.org\\\/sounds\\\/2023-sounds-and-images\\\/year-end-2023-live-sounds\\\/\",\"url\":\"https:\\\/\\\/tonalibus.org\\\/sounds\\\/2023-sounds-and-images\\\/year-end-2023-live-sounds\\\/\",\"name\":\"Year-end 2023 live sounds &#8211; TONALIBUS Harmony and Tonalities\",\"isPartOf\":{\"@id\":\"https:\\\/\\\/tonalibus.org\\\/de\\\/#website\"},\"primaryImageOfPage\":{\"@id\":\"https:\\\/\\\/tonalibus.org\\\/sounds\\\/2023-sounds-and-images\\\/year-end-2023-live-sounds\\\/#primaryimage\"},\"image\":{\"@id\":\"https:\\\/\\\/tonalibus.org\\\/sounds\\\/2023-sounds-and-images\\\/year-end-2023-live-sounds\\\/#primaryimage\"},\"thumbnailUrl\":\"https:\\\/\\\/tonalibus.org\\\/wp-content\\\/uploads\\\/2024\\\/01\\\/20240104_173001000_iOS-xc-1024x453.jpg\",\"datePublished\":\"2024-01-05T14:59:00+00:00\",\"dateModified\":\"2025-12-16T14:48:42+00:00\",\"description\":\"Year-end 2023 live sounds presents live recordings from a 2023 year-end sound journey with Punnu Wasu and Ulrico in Kiental, Switzerland\",\"breadcrumb\":{\"@id\":\"https:\\\/\\\/tonalibus.org\\\/sounds\\\/2023-sounds-and-images\\\/year-end-2023-live-sounds\\\/#breadcrumb\"},\"inLanguage\":\"fr-FR\",\"potentialAction\":[{\"@type\":\"ReadAction\",\"target\":[\"https:\\\/\\\/tonalibus.org\\\/sounds\\\/2023-sounds-and-images\\\/year-end-2023-live-sounds\\\/\"]}]},{\"@type\":\"ImageObject\",\"inLanguage\":\"fr-FR\",\"@id\":\"https:\\\/\\\/tonalibus.org\\\/sounds\\\/2023-sounds-and-images\\\/year-end-2023-live-sounds\\\/#primaryimage\",\"url\":\"https:\\\/\\\/tonalibus.org\\\/wp-content\\\/uploads\\\/2024\\\/01\\\/20240104_173001000_iOS-xc-1024x453.jpg\",\"contentUrl\":\"https:\\\/\\\/tonalibus.org\\\/wp-content\\\/uploads\\\/2024\\\/01\\\/20240104_173001000_iOS-xc-1024x453.jpg\"},{\"@type\":\"BreadcrumbList\",\"@id\":\"https:\\\/\\\/tonalibus.org\\\/sounds\\\/2023-sounds-and-images\\\/year-end-2023-live-sounds\\\/#breadcrumb\",\"itemListElement\":[{\"@type\":\"ListItem\",\"position\":1,\"name\":\"Home\",\"item\":\"https:\\\/\\\/tonalibus.org\\\/\"},{\"@type\":\"ListItem\",\"position\":2,\"name\":\"Sounds\",\"item\":\"https:\\\/\\\/tonalibus.org\\\/sounds\\\/\"},{\"@type\":\"ListItem\",\"position\":3,\"name\":\"2023 Sounds and Images\",\"item\":\"https:\\\/\\\/tonalibus.org\\\/sounds\\\/2023-sounds-and-images\\\/\"},{\"@type\":\"ListItem\",\"position\":4,\"name\":\"Year-end 2023 live sounds\"}]},{\"@type\":\"WebSite\",\"@id\":\"https:\\\/\\\/tonalibus.org\\\/de\\\/#website\",\"url\":\"https:\\\/\\\/tonalibus.org\\\/de\\\/\",\"name\":\"TONALIBUS\",\"description\":\"Anchored Harmony and Tonalities\",\"publisher\":{\"@id\":\"https:\\\/\\\/tonalibus.org\\\/de\\\/#\\\/schema\\\/person\\\/749261d7bc96d1f00127273f83ab96a4\"},\"potentialAction\":[{\"@type\":\"SearchAction\",\"target\":{\"@type\":\"EntryPoint\",\"urlTemplate\":\"https:\\\/\\\/tonalibus.org\\\/de\\\/?s={search_term_string}\"},\"query-input\":{\"@type\":\"PropertyValueSpecification\",\"valueRequired\":true,\"valueName\":\"search_term_string\"}}],\"inLanguage\":\"fr-FR\"},{\"@type\":[\"Person\",\"Organization\"],\"@id\":\"https:\\\/\\\/tonalibus.org\\\/de\\\/#\\\/schema\\\/person\\\/749261d7bc96d1f00127273f83ab96a4\",\"name\":\"Ulrico\",\"image\":{\"@type\":\"ImageObject\",\"inLanguage\":\"fr-FR\",\"@id\":\"https:\\\/\\\/tonalibus.org\\\/wp-content\\\/uploads\\\/2020\\\/06\\\/uli-pix.jpg\",\"url\":\"https:\\\/\\\/tonalibus.org\\\/wp-content\\\/uploads\\\/2020\\\/06\\\/uli-pix.jpg\",\"contentUrl\":\"https:\\\/\\\/tonalibus.org\\\/wp-content\\\/uploads\\\/2020\\\/06\\\/uli-pix.jpg\",\"width\":960,\"height\":720,\"caption\":\"Ulrico\"},\"logo\":{\"@id\":\"https:\\\/\\\/tonalibus.org\\\/wp-content\\\/uploads\\\/2020\\\/06\\\/uli-pix.jpg\"},\"sameAs\":[\"https:\\\/\\\/tonalibus.cyon.site\"]}]}<\/script>\n<!-- \/ Yoast SEO plugin. -->","yoast_head_json":{"title":"Les sons live de l'ann\u00e9e 2023 - TONALIBUS Harmonie et tonalit\u00e9s","description":"Year-end 2023 live sounds pr\u00e9sente des enregistrements en direct d'un voyage sonore de fin d'ann\u00e9e 2023 avec Punnu Wasu et Ulrico \u00e0 Kiental, en Suisse.","robots":{"index":"index","follow":"follow","max-snippet":"max-snippet:-1","max-image-preview":"max-image-preview:large","max-video-preview":"max-video-preview:-1"},"canonical":"https:\/\/tonalibus.org\/fr\/sounds\/2023-sounds-and-images\/year-end-2023-live-sounds\/","og_locale":"fr_FR","og_type":"article","og_title":"Year-end 2023 live sounds &#8211; TONALIBUS Harmony and Tonalities","og_description":"Year-end 2023 live sounds presents live recordings from a 2023 year-end sound journey with Punnu Wasu and Ulrico in Kiental, Switzerland","og_url":"https:\/\/tonalibus.org\/fr\/sounds\/2023-sounds-and-images\/year-end-2023-live-sounds\/","og_site_name":"TONALIBUS","article_modified_time":"2025-12-16T14:48:42+00:00","og_image":[{"width":2048,"height":906,"url":"https:\/\/tonalibus.org\/wp-content\/uploads\/2024\/01\/20240104_173001000_iOS-xc.jpg","type":"image\/jpeg"}],"twitter_card":"summary_large_image","twitter_misc":{"Dur\u00e9e de lecture estim\u00e9e":"3 minutes"},"schema":{"@context":"https:\/\/schema.org","@graph":[{"@type":"WebPage","@id":"https:\/\/tonalibus.org\/sounds\/2023-sounds-and-images\/year-end-2023-live-sounds\/","url":"https:\/\/tonalibus.org\/sounds\/2023-sounds-and-images\/year-end-2023-live-sounds\/","name":"Les sons live de l'ann\u00e9e 2023 - TONALIBUS Harmonie et tonalit\u00e9s","isPartOf":{"@id":"https:\/\/tonalibus.org\/de\/#website"},"primaryImageOfPage":{"@id":"https:\/\/tonalibus.org\/sounds\/2023-sounds-and-images\/year-end-2023-live-sounds\/#primaryimage"},"image":{"@id":"https:\/\/tonalibus.org\/sounds\/2023-sounds-and-images\/year-end-2023-live-sounds\/#primaryimage"},"thumbnailUrl":"https:\/\/tonalibus.org\/wp-content\/uploads\/2024\/01\/20240104_173001000_iOS-xc-1024x453.jpg","datePublished":"2024-01-05T14:59:00+00:00","dateModified":"2025-12-16T14:48:42+00:00","description":"Year-end 2023 live sounds pr\u00e9sente des enregistrements en direct d'un voyage sonore de fin d'ann\u00e9e 2023 avec Punnu Wasu et Ulrico \u00e0 Kiental, en Suisse.","breadcrumb":{"@id":"https:\/\/tonalibus.org\/sounds\/2023-sounds-and-images\/year-end-2023-live-sounds\/#breadcrumb"},"inLanguage":"fr-FR","potentialAction":[{"@type":"ReadAction","target":["https:\/\/tonalibus.org\/sounds\/2023-sounds-and-images\/year-end-2023-live-sounds\/"]}]},{"@type":"ImageObject","inLanguage":"fr-FR","@id":"https:\/\/tonalibus.org\/sounds\/2023-sounds-and-images\/year-end-2023-live-sounds\/#primaryimage","url":"https:\/\/tonalibus.org\/wp-content\/uploads\/2024\/01\/20240104_173001000_iOS-xc-1024x453.jpg","contentUrl":"https:\/\/tonalibus.org\/wp-content\/uploads\/2024\/01\/20240104_173001000_iOS-xc-1024x453.jpg"},{"@type":"BreadcrumbList","@id":"https:\/\/tonalibus.org\/sounds\/2023-sounds-and-images\/year-end-2023-live-sounds\/#breadcrumb","itemListElement":[{"@type":"ListItem","position":1,"name":"Home","item":"https:\/\/tonalibus.org\/"},{"@type":"ListItem","position":2,"name":"Sounds","item":"https:\/\/tonalibus.org\/sounds\/"},{"@type":"ListItem","position":3,"name":"2023 Sounds and Images","item":"https:\/\/tonalibus.org\/sounds\/2023-sounds-and-images\/"},{"@type":"ListItem","position":4,"name":"Year-end 2023 live sounds"}]},{"@type":"WebSite","@id":"https:\/\/tonalibus.org\/de\/#website","url":"https:\/\/tonalibus.org\/de\/","name":"TONALIBUS","description":"Harmonie et tonalit\u00e9s ancr\u00e9es","publisher":{"@id":"https:\/\/tonalibus.org\/de\/#\/schema\/person\/749261d7bc96d1f00127273f83ab96a4"},"potentialAction":[{"@type":"SearchAction","target":{"@type":"EntryPoint","urlTemplate":"https:\/\/tonalibus.org\/de\/?s={search_term_string}"},"query-input":{"@type":"PropertyValueSpecification","valueRequired":true,"valueName":"search_term_string"}}],"inLanguage":"fr-FR"},{"@type":["Person","Organization"],"@id":"https:\/\/tonalibus.org\/de\/#\/schema\/person\/749261d7bc96d1f00127273f83ab96a4","name":"Ulrico","image":{"@type":"ImageObject","inLanguage":"fr-FR","@id":"https:\/\/tonalibus.org\/wp-content\/uploads\/2020\/06\/uli-pix.jpg","url":"https:\/\/tonalibus.org\/wp-content\/uploads\/2020\/06\/uli-pix.jpg","contentUrl":"https:\/\/tonalibus.org\/wp-content\/uploads\/2020\/06\/uli-pix.jpg","width":960,"height":720,"caption":"Ulrico"},"logo":{"@id":"https:\/\/tonalibus.org\/wp-content\/uploads\/2020\/06\/uli-pix.jpg"},"sameAs":["https:\/\/tonalibus.cyon.site"]}]}},"_links":{"self":[{"href":"https:\/\/tonalibus.org\/fr\/wp-json\/wp\/v2\/pages\/30154","targetHints":{"allow":["GET"]}}],"collection":[{"href":"https:\/\/tonalibus.org\/fr\/wp-json\/wp\/v2\/pages"}],"about":[{"href":"https:\/\/tonalibus.org\/fr\/wp-json\/wp\/v2\/types\/page"}],"author":[{"embeddable":true,"href":"https:\/\/tonalibus.org\/fr\/wp-json\/wp\/v2\/users\/1"}],"replies":[{"embeddable":true,"href":"https:\/\/tonalibus.org\/fr\/wp-json\/wp\/v2\/comments?post=30154"}],"version-history":[{"count":1,"href":"https:\/\/tonalibus.org\/fr\/wp-json\/wp\/v2\/pages\/30154\/revisions"}],"predecessor-version":[{"id":37978,"href":"https:\/\/tonalibus.org\/fr\/wp-json\/wp\/v2\/pages\/30154\/revisions\/37978"}],"up":[{"embeddable":true,"href":"https:\/\/tonalibus.org\/fr\/wp-json\/wp\/v2\/pages\/22314"}],"wp:attachment":[{"href":"https:\/\/tonalibus.org\/fr\/wp-json\/wp\/v2\/media?parent=30154"}],"curies":[{"name":"wp","href":"https:\/\/api.w.org\/{rel}","templated":true}]}}