{"id":2438,"date":"2020-07-11T16:35:53","date_gmt":"2020-07-11T14:35:53","guid":{"rendered":"https:\/\/tonalibus.org\/?page_id=2438"},"modified":"2023-08-02T17:44:54","modified_gmt":"2023-08-02T15:44:54","slug":"mini-concerts","status":"publish","type":"page","link":"https:\/\/tonalibus.org\/it\/inner-circle\/mcs-repository\/mini-concerts\/","title":{"rendered":"Sessioni di mini-concerto"},"content":{"rendered":"<p class=\"has-text-color\" id=\"MCS-request\" style=\"color:#f7b320\">Tonalibus offre sessioni di mini-concerto aperte, private e personali. Il loro obiettivo principale \u00e8 l'elevazione calmante, le qualit\u00e0 meditative e contemplative della musica, il rilassamento e la rigenerazione di tutti i presenti, paragonabili ai mantra sonori o ai loop di campioni sonori di ogni tonalit\u00e0 nel catalogo delle <a href=\"https:\/\/tonalibus.org\/it\/tonalities\/\"><mark style=\"background-color:rgba(0, 0, 0, 0);color:#f7b320\" class=\"has-inline-color\">tonalit\u00e0 ancorate<\/mark><\/a>.<\/p>\n\n\n\n<div class=\"wp-block-buttons is-horizontal is-content-justification-center is-layout-flex wp-container-core-buttons-is-layout-499968f5 wp-block-buttons-is-layout-flex\">\n<div class=\"wp-block-button is-style-outline is-style-outline--1\"><a class=\"wp-block-button__link\" href=\"https:\/\/tonalibus.org\/it\/shop\/mini-concerts\/private-mini-concert\/\">Sessione di mini-concerto<br>privata o personale <\/a><\/div>\n\n\n\n<div class=\"wp-block-button is-style-outline is-style-outline--2\"><a class=\"wp-block-button__link\" href=\"https:\/\/tonalibus.org\/it\/shop\/mini-concerts\/open-mini-concerts\/\">Sessioni di mini-concerto aperte<br> Richiesta di sedie<\/a><\/div>\n<\/div>\n\n\n\n<div style=\"height:44px\" aria-hidden=\"true\" class=\"wp-block-spacer\"><\/div>\n\n\n\n<p class=\"has-text-color\" style=\"color:#f7b320\">Saranno improvvisate sessioni di mini-concerto, basate su temi specifici o spontanei, tonalit\u00e0 ancorate, e le loro modulazioni che si adattano il pi\u00f9 possibile al momento e agli individui presenti; e possono includere esercizi di sintonia, potenzialmente alcuni sound-mantra per <a aria-label=\"non definito (si apre in una nuova scheda)\" href=\"https:\/\/it.wikipedia.org\/wiki\/Contemplazione\" target=\"_blank\" rel=\"noreferrer noopener\"><mark style=\"background-color:rgba(0, 0, 0, 0);color:#f7b320\" class=\"has-inline-color\">la contemplazione<\/mark><\/a> o <a href=\"https:\/\/it.wikipedia.org\/wiki\/Meditazione\" target=\"_blank\" rel=\"noreferrer noopener\"><mark style=\"background-color:rgba(0, 0, 0, 0);color:#f7b320\" class=\"has-inline-color\">la meditazione<\/mark><\/a>, in quelli tutti sono liberi di partecipare attivamente come ognuno vuole. <\/p>\n\n\n\n<h2 class=\"has-text-color wp-block-heading\" id=\"mini-concert-session-details\" style=\"color:#f7b320\">Dettagli di sessioni di mini-concerto<\/h2>\n\n\n\n<p class=\"has-text-color\" style=\"color:#f7b320\">Se non diversamente indicato, le sessioni di mini-concerto si svolgono in un piccolo studio privato a circa 10 km da Berna, Svizzera e presentano <a href=\"https:\/\/tonalibus.org\/it\/about-tonalibus\/ulrico\/\"><mark style=\"background-color:rgba(0, 0, 0, 0);color:#f7b320\" class=\"has-inline-color\">Ulrico<\/mark><\/a> su vari strumenti a corda, a fiato, a percussione e a tastiera. Il trasporto pubblico pu\u00f2 portare a pochi minuti a piedi dallo studio. Le auto possono parcheggiare sulla strada del quartiere. Informazioni dettagliate saranno contenute nella conferma della prenotazione del concerto o del posto a sedere. <\/p>\n\n\n\n<p class=\"has-text-color\" style=\"color:#f7b320\">Puoi richiedere una <a href=\"#MCS-request\"><mark style=\"background-color:rgba(0, 0, 0, 0);color:#f7b320\" class=\"has-inline-color\">sessione di mini-concerto privata o personale<\/mark><\/a> nello studio. Con accordi speciali consideriamo eccezionalmente anche altri luoghi. Campione di <a href=\"https:\/\/tonalibus.org\/wp-content\/uploads\/2021\/03\/Tonaliconcert-2021-03-07.pdf\" target=\"_blank\" rel=\"noreferrer noopener\"><mark style=\"background-color:rgba(0, 0, 0, 0);color:#f7b320\" class=\"has-inline-color\">programma per una sessione privata di mini-concerto<\/mark><\/a> (pdf).<\/p>\n\n\n\n<p class=\"has-text-color\" style=\"color:#f7b320\">A volte, sessioni di mini-concerto sono aperte al pubblico (esempio di <a href=\"https:\/\/tonalibus.org\/wp-content\/uploads\/2021\/01\/Tonaliconcert-2020-12-16.pdf\" target=\"_blank\" rel=\"noreferrer noopener\"><mark style=\"background-color:rgba(0, 0, 0, 0);color:#f7b320\" class=\"has-inline-color\">programma di una sessione di mini-concerto aperta<\/mark><\/a> come pdf). Poich\u00e9 ci sono solo pochi sede disponibili nello studio, \u00e8 necessaria la prenotazione. L'ingresso \u00e8 gratuito. Un cestino per le donazioni sar\u00e0 sul posto, nel caso in cui decidi di dare un contributo. Quando vengono offerte, si trovano le date delle sessioni di mini-concerto programmate nella schermata di <a href=\"#MCS-request\"><mark style=\"background-color:rgba(0, 0, 0, 0);color:#f7b320\" class=\"has-inline-color\">richiesta di sedie per sessioni di mini-concerto aperte<\/mark><\/a> . <\/p>\n\n\n\n<div style=\"height:50px\" aria-hidden=\"true\" class=\"wp-block-spacer\"><\/div>\n\n\n\n<div class=\"wp-block-image\"><figure class=\"aligncenter size-large is-resized\"><a href=\"https:\/\/tonalibus.org\/it\/about\/personal-sound-samples\/\"><img loading=\"lazy\" decoding=\"async\" src=\"https:\/\/tonalibus.org\/wp-content\/uploads\/2020\/06\/Kiental-2020-02.jpg\" alt=\"Keintal\" class=\"wp-image-1350\" width=\"348\" height=\"382\" srcset=\"https:\/\/tonalibus.org\/wp-content\/uploads\/2020\/06\/Kiental-2020-02.jpg 482w, https:\/\/tonalibus.org\/wp-content\/uploads\/2020\/06\/Kiental-2020-02-273x300.jpg 273w\" sizes=\"auto, (max-width: 348px) 100vw, 348px\" \/><\/a><figcaption>Ulrico in Kiental - febbraio 2020 - foto di Francisco Garcia<\/figcaption><\/figure><\/div>\n\n\n\n<p><\/p>","protected":false},"excerpt":{"rendered":"<p>Tonalibus offre sessioni di mini-concerto aperte, private e personali. Il loro obiettivo principale \u00e8 l'elevazione, le qualit\u00e0 meditative e contemplative della musica, il rilassamento e la rigenerazione di tutti i presenti, paragonabili ai mantra sonori o ai loop di campioni sonori di ogni tonalit\u00e0 nel catalogo delle tonalit\u00e0 ancorate. Le sessioni di mini-concerto saranno improvvisate, basate su specifiche ... <\/p>\n<p class=\"link-more\"><a href=\"https:\/\/tonalibus.org\/it\/inner-circle\/mcs-repository\/mini-concerts\/\" class=\"more-link\">Leggi tutto<span class=\"screen-reader-text\"> \"Sessioni di mini-concerto\"<\/span><\/a><\/p>","protected":false},"author":1,"featured_media":0,"parent":5557,"menu_order":60,"comment_status":"closed","ping_status":"closed","template":"","meta":{"footnotes":""},"class_list":["post-2438","page","type-page","status-publish","hentry"],"yoast_head":"<!-- This site is optimized with the Yoast SEO plugin v27.5 - https:\/\/yoast.com\/product\/yoast-seo-wordpress\/ -->\n<title>Mini-Concert Sessions &#8211; TONALIBUS, Harmony and Tonalities<\/title>\n<meta name=\"description\" content=\"Tonalibus offers monthly open sound mantra-type mini-concert sessions, as well as private or personal sound mantra mini-concert sessions.\" \/>\n<meta name=\"robots\" content=\"index, follow, max-snippet:-1, max-image-preview:large, max-video-preview:-1\" \/>\n<link rel=\"canonical\" href=\"https:\/\/tonalibus.org\/it\/inner-circle\/mcs-repository\/mini-concerts\/\" \/>\n<meta property=\"og:locale\" content=\"it_IT\" \/>\n<meta property=\"og:type\" content=\"article\" \/>\n<meta property=\"og:title\" content=\"Mini-Concert Sessions &#8211; TONALIBUS, Harmony and Tonalities\" \/>\n<meta property=\"og:description\" content=\"Tonalibus offers monthly open sound mantra-type mini-concert sessions, as well as private or personal sound mantra mini-concert sessions.\" \/>\n<meta property=\"og:url\" content=\"https:\/\/tonalibus.org\/it\/inner-circle\/mcs-repository\/mini-concerts\/\" \/>\n<meta property=\"og:site_name\" content=\"TONALIBUS\" \/>\n<meta property=\"article:modified_time\" content=\"2023-08-02T15:44:54+00:00\" \/>\n<meta property=\"og:image\" content=\"https:\/\/tonalibus.org\/wp-content\/uploads\/2020\/06\/Kiental-2020-02.jpg\" \/>\n<meta name=\"twitter:card\" content=\"summary_large_image\" \/>\n<meta name=\"twitter:label1\" content=\"Tempo di lettura stimato\" \/>\n\t<meta name=\"twitter:data1\" content=\"2 minuti\" \/>\n<script type=\"application\/ld+json\" class=\"yoast-schema-graph\">{\"@context\":\"https:\\\/\\\/schema.org\",\"@graph\":[{\"@type\":\"WebPage\",\"@id\":\"https:\\\/\\\/tonalibus.org\\\/it\\\/inner-circle\\\/mcs-repository\\\/mini-concerts\\\/\",\"url\":\"https:\\\/\\\/tonalibus.org\\\/it\\\/inner-circle\\\/mcs-repository\\\/mini-concerts\\\/\",\"name\":\"Mini-Concert Sessions &#8211; TONALIBUS, Harmony and Tonalities\",\"isPartOf\":{\"@id\":\"https:\\\/\\\/tonalibus.org\\\/de\\\/#website\"},\"primaryImageOfPage\":{\"@id\":\"https:\\\/\\\/tonalibus.org\\\/it\\\/inner-circle\\\/mcs-repository\\\/mini-concerts\\\/#primaryimage\"},\"image\":{\"@id\":\"https:\\\/\\\/tonalibus.org\\\/it\\\/inner-circle\\\/mcs-repository\\\/mini-concerts\\\/#primaryimage\"},\"thumbnailUrl\":\"https:\\\/\\\/tonalibus.org\\\/wp-content\\\/uploads\\\/2020\\\/06\\\/Kiental-2020-02.jpg\",\"datePublished\":\"2020-07-11T14:35:53+00:00\",\"dateModified\":\"2023-08-02T15:44:54+00:00\",\"description\":\"Tonalibus offers monthly open sound mantra-type mini-concert sessions, as well as private or personal sound mantra mini-concert sessions.\",\"breadcrumb\":{\"@id\":\"https:\\\/\\\/tonalibus.org\\\/it\\\/inner-circle\\\/mcs-repository\\\/mini-concerts\\\/#breadcrumb\"},\"inLanguage\":\"it-IT\",\"potentialAction\":[{\"@type\":\"ReadAction\",\"target\":[\"https:\\\/\\\/tonalibus.org\\\/it\\\/inner-circle\\\/mcs-repository\\\/mini-concerts\\\/\"]}]},{\"@type\":\"ImageObject\",\"inLanguage\":\"it-IT\",\"@id\":\"https:\\\/\\\/tonalibus.org\\\/it\\\/inner-circle\\\/mcs-repository\\\/mini-concerts\\\/#primaryimage\",\"url\":\"https:\\\/\\\/tonalibus.org\\\/wp-content\\\/uploads\\\/2020\\\/06\\\/Kiental-2020-02.jpg\",\"contentUrl\":\"https:\\\/\\\/tonalibus.org\\\/wp-content\\\/uploads\\\/2020\\\/06\\\/Kiental-2020-02.jpg\"},{\"@type\":\"BreadcrumbList\",\"@id\":\"https:\\\/\\\/tonalibus.org\\\/it\\\/inner-circle\\\/mcs-repository\\\/mini-concerts\\\/#breadcrumb\",\"itemListElement\":[{\"@type\":\"ListItem\",\"position\":1,\"name\":\"Home\",\"item\":\"https:\\\/\\\/tonalibus.org\\\/\"},{\"@type\":\"ListItem\",\"position\":2,\"name\":\"Protected: Inner Circle\",\"item\":\"https:\\\/\\\/tonalibus.org\\\/en\\\/inner-circle\\\/\"},{\"@type\":\"ListItem\",\"position\":3,\"name\":\"Prot\u00e9g\u00e9\u00a0: MCS Repository\",\"item\":\"https:\\\/\\\/tonalibus.org\\\/fr\\\/inner-circle\\\/mcs-repository\\\/\"},{\"@type\":\"ListItem\",\"position\":4,\"name\":\"Mini-Concert Sessions\"}]},{\"@type\":\"WebSite\",\"@id\":\"https:\\\/\\\/tonalibus.org\\\/de\\\/#website\",\"url\":\"https:\\\/\\\/tonalibus.org\\\/de\\\/\",\"name\":\"TONALIBUS\",\"description\":\"Anchored Harmony and Tonalities\",\"publisher\":{\"@id\":\"https:\\\/\\\/tonalibus.org\\\/de\\\/#\\\/schema\\\/person\\\/749261d7bc96d1f00127273f83ab96a4\"},\"potentialAction\":[{\"@type\":\"SearchAction\",\"target\":{\"@type\":\"EntryPoint\",\"urlTemplate\":\"https:\\\/\\\/tonalibus.org\\\/de\\\/?s={search_term_string}\"},\"query-input\":{\"@type\":\"PropertyValueSpecification\",\"valueRequired\":true,\"valueName\":\"search_term_string\"}}],\"inLanguage\":\"it-IT\"},{\"@type\":[\"Person\",\"Organization\"],\"@id\":\"https:\\\/\\\/tonalibus.org\\\/de\\\/#\\\/schema\\\/person\\\/749261d7bc96d1f00127273f83ab96a4\",\"name\":\"Ulrico\",\"image\":{\"@type\":\"ImageObject\",\"inLanguage\":\"it-IT\",\"@id\":\"https:\\\/\\\/tonalibus.org\\\/wp-content\\\/uploads\\\/2020\\\/06\\\/uli-pix.jpg\",\"url\":\"https:\\\/\\\/tonalibus.org\\\/wp-content\\\/uploads\\\/2020\\\/06\\\/uli-pix.jpg\",\"contentUrl\":\"https:\\\/\\\/tonalibus.org\\\/wp-content\\\/uploads\\\/2020\\\/06\\\/uli-pix.jpg\",\"width\":960,\"height\":720,\"caption\":\"Ulrico\"},\"logo\":{\"@id\":\"https:\\\/\\\/tonalibus.org\\\/wp-content\\\/uploads\\\/2020\\\/06\\\/uli-pix.jpg\"},\"sameAs\":[\"https:\\\/\\\/tonalibus.cyon.site\"]}]}<\/script>\n<!-- \/ Yoast SEO plugin. -->","yoast_head_json":{"title":"Sessioni di mini-concerto - TONALIBUS, Armonia e Tonalit\u00e0","description":"Tonalibus offre mensilmente sessioni aperte di mini-concerto di tipo mantra sonoro aperto, cos\u00ec come sessioni private o personali di mini-concerto di mantra sonoro.","robots":{"index":"index","follow":"follow","max-snippet":"max-snippet:-1","max-image-preview":"max-image-preview:large","max-video-preview":"max-video-preview:-1"},"canonical":"https:\/\/tonalibus.org\/it\/inner-circle\/mcs-repository\/mini-concerts\/","og_locale":"it_IT","og_type":"article","og_title":"Mini-Concert Sessions &#8211; TONALIBUS, Harmony and Tonalities","og_description":"Tonalibus offers monthly open sound mantra-type mini-concert sessions, as well as private or personal sound mantra mini-concert sessions.","og_url":"https:\/\/tonalibus.org\/it\/inner-circle\/mcs-repository\/mini-concerts\/","og_site_name":"TONALIBUS","article_modified_time":"2023-08-02T15:44:54+00:00","og_image":[{"url":"https:\/\/tonalibus.org\/wp-content\/uploads\/2020\/06\/Kiental-2020-02.jpg","type":"","width":"","height":""}],"twitter_card":"summary_large_image","twitter_misc":{"Tempo di lettura stimato":"2 minuti"},"schema":{"@context":"https:\/\/schema.org","@graph":[{"@type":"WebPage","@id":"https:\/\/tonalibus.org\/it\/inner-circle\/mcs-repository\/mini-concerts\/","url":"https:\/\/tonalibus.org\/it\/inner-circle\/mcs-repository\/mini-concerts\/","name":"Sessioni di mini-concerto - TONALIBUS, Armonia e Tonalit\u00e0","isPartOf":{"@id":"https:\/\/tonalibus.org\/de\/#website"},"primaryImageOfPage":{"@id":"https:\/\/tonalibus.org\/it\/inner-circle\/mcs-repository\/mini-concerts\/#primaryimage"},"image":{"@id":"https:\/\/tonalibus.org\/it\/inner-circle\/mcs-repository\/mini-concerts\/#primaryimage"},"thumbnailUrl":"https:\/\/tonalibus.org\/wp-content\/uploads\/2020\/06\/Kiental-2020-02.jpg","datePublished":"2020-07-11T14:35:53+00:00","dateModified":"2023-08-02T15:44:54+00:00","description":"Tonalibus offre mensilmente sessioni aperte di mini-concerto di tipo mantra sonoro aperto, cos\u00ec come sessioni private o personali di mini-concerto di mantra sonoro.","breadcrumb":{"@id":"https:\/\/tonalibus.org\/it\/inner-circle\/mcs-repository\/mini-concerts\/#breadcrumb"},"inLanguage":"it-IT","potentialAction":[{"@type":"ReadAction","target":["https:\/\/tonalibus.org\/it\/inner-circle\/mcs-repository\/mini-concerts\/"]}]},{"@type":"ImageObject","inLanguage":"it-IT","@id":"https:\/\/tonalibus.org\/it\/inner-circle\/mcs-repository\/mini-concerts\/#primaryimage","url":"https:\/\/tonalibus.org\/wp-content\/uploads\/2020\/06\/Kiental-2020-02.jpg","contentUrl":"https:\/\/tonalibus.org\/wp-content\/uploads\/2020\/06\/Kiental-2020-02.jpg"},{"@type":"BreadcrumbList","@id":"https:\/\/tonalibus.org\/it\/inner-circle\/mcs-repository\/mini-concerts\/#breadcrumb","itemListElement":[{"@type":"ListItem","position":1,"name":"Home","item":"https:\/\/tonalibus.org\/"},{"@type":"ListItem","position":2,"name":"Protected: Inner Circle","item":"https:\/\/tonalibus.org\/en\/inner-circle\/"},{"@type":"ListItem","position":3,"name":"Prot\u00e9g\u00e9\u00a0: MCS Repository","item":"https:\/\/tonalibus.org\/fr\/inner-circle\/mcs-repository\/"},{"@type":"ListItem","position":4,"name":"Mini-Concert Sessions"}]},{"@type":"WebSite","@id":"https:\/\/tonalibus.org\/de\/#website","url":"https:\/\/tonalibus.org\/de\/","name":"TONALIBUS","description":"Armonia e tonalit\u00e0 ancorate","publisher":{"@id":"https:\/\/tonalibus.org\/de\/#\/schema\/person\/749261d7bc96d1f00127273f83ab96a4"},"potentialAction":[{"@type":"SearchAction","target":{"@type":"EntryPoint","urlTemplate":"https:\/\/tonalibus.org\/de\/?s={search_term_string}"},"query-input":{"@type":"PropertyValueSpecification","valueRequired":true,"valueName":"search_term_string"}}],"inLanguage":"it-IT"},{"@type":["Person","Organization"],"@id":"https:\/\/tonalibus.org\/de\/#\/schema\/person\/749261d7bc96d1f00127273f83ab96a4","name":"Ulrico","image":{"@type":"ImageObject","inLanguage":"it-IT","@id":"https:\/\/tonalibus.org\/wp-content\/uploads\/2020\/06\/uli-pix.jpg","url":"https:\/\/tonalibus.org\/wp-content\/uploads\/2020\/06\/uli-pix.jpg","contentUrl":"https:\/\/tonalibus.org\/wp-content\/uploads\/2020\/06\/uli-pix.jpg","width":960,"height":720,"caption":"Ulrico"},"logo":{"@id":"https:\/\/tonalibus.org\/wp-content\/uploads\/2020\/06\/uli-pix.jpg"},"sameAs":["https:\/\/tonalibus.cyon.site"]}]}},"_links":{"self":[{"href":"https:\/\/tonalibus.org\/it\/wp-json\/wp\/v2\/pages\/2438","targetHints":{"allow":["GET"]}}],"collection":[{"href":"https:\/\/tonalibus.org\/it\/wp-json\/wp\/v2\/pages"}],"about":[{"href":"https:\/\/tonalibus.org\/it\/wp-json\/wp\/v2\/types\/page"}],"author":[{"embeddable":true,"href":"https:\/\/tonalibus.org\/it\/wp-json\/wp\/v2\/users\/1"}],"replies":[{"embeddable":true,"href":"https:\/\/tonalibus.org\/it\/wp-json\/wp\/v2\/comments?post=2438"}],"version-history":[{"count":0,"href":"https:\/\/tonalibus.org\/it\/wp-json\/wp\/v2\/pages\/2438\/revisions"}],"up":[{"embeddable":true,"href":"https:\/\/tonalibus.org\/it\/wp-json\/wp\/v2\/pages\/5557"}],"wp:attachment":[{"href":"https:\/\/tonalibus.org\/it\/wp-json\/wp\/v2\/media?parent=2438"}],"curies":[{"name":"wp","href":"https:\/\/api.w.org\/{rel}","templated":true}]}}